{"id":667,"date":"2023-02-14T15:19:58","date_gmt":"2023-02-14T15:19:58","guid":{"rendered":"http:\/\/v2.2wib.com\/dados-privados\/"},"modified":"2023-05-11T09:10:28","modified_gmt":"2023-05-11T09:10:28","slug":"dados-privados","status":"publish","type":"page","link":"https:\/\/2wib.com\/pt-pt\/dados-privados\/","title":{"rendered":"Dados privados"},"content":{"rendered":"\n<p><strong>POL\u00cdTICA DE PRIVACIDADE E AVISO LEGAL <\/strong><\/p>\n\n<p><strong>I. POL\u00cdTICA DE PRIVACIDADE<\/strong><\/p>\n\n<p>Em conformidade com o REGULAMENTO (UE) 2016\/679 DO PARLAMENTO EUROPEU E DO CONSELHO, de 27 de abril de 2016, relativo \u00e0 prote\u00e7\u00e3o das pessoas singulares no que diz respeito ao tratamento de dados pessoais e \u00e0 livre circula\u00e7\u00e3o desses dados, e com a Lei Org\u00e2nica 3\/2018, de 5 de dezembro, de Prote\u00e7\u00e3o de Dados Pessoais e garantia dos direitos digitais, informa-se que os dados pessoais fornecidos por si atrav\u00e9s do s\u00edtio Web http:\/\/www.2wib.com (doravante, o s\u00edtio web), ser\u00e3o tratados nos seguintes termos:<\/p>\n\n<p><strong>Respons\u00e1vel pelo tratamento<\/strong><\/p>\n\n<p>Os dados pessoais recolhidos atrav\u00e9s deste s\u00edtio web ser\u00e3o tratados pela AGENCINTEL, S.L., com domic\u00edlio para o exerc\u00edcio de direitos na Av. Diagonal, 421 \u00c1tico, 08008 Barcelona E-mail: info@2wib.com.<\/p>\n\n<p><strong>Finalidades do tratamento<\/strong><\/p>\n\n<ul class=\"wp-block-list\">\n<li>Inform\u00e1-lo acerca dos nossos servi\u00e7os, quando o solicitar atrav\u00e9s dos formul\u00e1rios no s\u00edtio Web ou por correio eletr\u00f3nico.<\/li>\n\n\n\n<li>Dar resposta e gerir as suas consultas, coment\u00e1rios e sugest\u00f5es, se for o caso.<\/li>\n\n\n\n<li>Com a finalidade de obter informa\u00e7\u00f5es sobre a utiliza\u00e7\u00e3o do s\u00edtio Web, s\u00e3o analisados o n\u00famero de p\u00e1ginas visitadas, o n\u00famero de visitas, bem como a atividade dos visitantes e a sua frequ\u00eancia de utiliza\u00e7\u00e3o. Para este efeito, o RESPONS\u00c1VEL utiliza informa\u00e7\u00f5es estat\u00edsticas elaboradas pelo Fornecedor de Servi\u00e7os Internet que n\u00e3o permitem identificar o interessado em momento algum.<\/li>\n<\/ul>\n\n<p><strong>Base legal<\/strong><\/p>\n\n<p>Consentimento. Os dados pessoais obtidos atrav\u00e9s dos formul\u00e1rios do s\u00edtio Web ser\u00e3o tratados exclusivamente com base no consentimento dado pelo interessado, ao assinalar a caixa prevista para o efeito. Este consentimento pode ser retirado a qualquer altura. Interesse leg\u00edtimo do respons\u00e1vel. As informa\u00e7\u00f5es estat\u00edsticas obtidas a partir do s\u00edtio Web ser\u00e3o tratadas com base no interesse leg\u00edtimo do respons\u00e1vel. Estas informa\u00e7\u00f5es n\u00e3o permitem identificar o utilizador.<\/p>\n\n<p><strong>Destinat\u00e1rios.<\/strong><\/p>\n\n<p>Os dados pessoais obtidos atrav\u00e9s do s\u00edtio Web n\u00e3o ser\u00e3o comunicados a terceiros, salvo obriga\u00e7\u00e3o legal.<\/p>\n\n<p><strong>Conserva\u00e7\u00e3o<\/strong><\/p>\n\n<p>Os dados pessoais fornecidos pelo utilizador para receber comunica\u00e7\u00f5es comerciais ser\u00e3o conservados enquanto o interessado n\u00e3o solicitar o seu apagamento ou retirar o seu consentimento.<br\/>Quando o utilizador enviar os seus dados para contactar o RESPONS\u00c1VEL, realizar consultas ou fazer sugest\u00f5es, os dados ser\u00e3o conservados durante o tempo necess\u00e1rio para esse fim e para as responsabilidades que possam advir do tratamento. Dados de tr\u00e1fego, estat\u00edsticos e de visitas \u00e0 Web: os dados ser\u00e3o conservados durante um per\u00edodo de tr\u00eas anos.<\/p>\n\n<p><strong>Direitos<\/strong><\/p>\n\n<p>Pode exercer os seus direitos de acesso, retifica\u00e7\u00e3o, apagamento e portabilidade dos seus dados, bem como de limita\u00e7\u00e3o e oposi\u00e7\u00e3o ao seu tratamento, enviando uma carta acompanhada do documento oficial de identifica\u00e7\u00e3o para c\/ Aribau, 161 &#8211; 08036 &#8211; Barcelona &#8211; Email: info@2wib.com. Em caso de desacordo com o tratamento, tem tamb\u00e9m o direito de apresentar uma reclama\u00e7\u00e3o junto da Ag\u00eancia Espanhola de Prote\u00e7\u00e3o de Dados (www.aepd.es).<\/p>\n\n<p><strong>Pol\u00edtica de prote\u00e7\u00e3o de menores<\/strong><\/p>\n\n<p>Quem fornece os dados atrav\u00e9s dos formul\u00e1rios deste s\u00edtio Web e aceita o seu tratamento declara formalmente ter mais de 18 anos de idade.<br\/>O RESPONS\u00c1VEL recorda \u00e0s pessoas maiores de idade que tenham menores a seu cargo, que ser\u00e1 da sua exclusiva responsabilidade se algum menor inserir os seus dados para solicitar qualquer produto.<\/p>\n\n<p>Informa-os tamb\u00e9m de que existem programas inform\u00e1ticos que permitem limitar a navega\u00e7\u00e3o atrav\u00e9s da filtragem ou do bloqueio de determinados conte\u00fados.<\/p>\n\n<p><strong>II. AVISO LEGAL<\/strong><\/p>\n\n<p><strong>Identifica\u00e7\u00e3o<\/strong><\/p>\n\n<p>Em cumprimento do dever de informa\u00e7\u00e3o contido no artigo 10.\u00ba da Lei 34\/2002, de 11 de julho, de Servi\u00e7os da Sociedade da Informa\u00e7\u00e3o e do Com\u00e9rcio Eletr\u00f3nico, a AGENCINTEL, S.L. (2WIB) informa-o de que as informa\u00e7\u00f5es aqui contidas correspondem \u00e0 entidade titular do s\u00edtio Web http:\/\/www.2wib.com.<\/p>\n\n<p><strong>Denomina\u00e7\u00e3o:<\/strong>: AGENCINTEL, S.L.<br\/><strong>Endere\u00e7o<\/strong>: Av. Diagonal, 421 \u00c1tico, 08008 Barcelona\u200e<br\/><strong>Telefone<\/strong>: 935951407<br\/><strong>Email<\/strong>: info@2wib.com<br\/><strong>NIF<\/strong>: B66802869<br\/><strong>Inscri\u00e7\u00e3o no registro<\/strong>: Registro 454488, F\u00f3lio: 36, Folha de registro: B489493<\/p>\n\n<p><strong>Propriedade intelectual e industrial<\/strong><\/p>\n\n<p>Todos os direitos de Propriedade Industrial e Intelectual de todos os elementos contidos neste s\u00edtio Web, incluindo as marcas comerciais, formatos, desenhos gr\u00e1ficos, textos, imagens e documentos, s\u00e3o propriedade da 2WIB e est\u00e3o protegidos pelas leis espanholas e internacionais de propriedade Intelectual e Industrial. \u00c9 expressamente proibida a reprodu\u00e7\u00e3o total ou parcial deste s\u00edtio Web e de qualquer um dos seus conte\u00fados sem a autoriza\u00e7\u00e3o expressa por escrito da 2WIB.<\/p>\n\n<p>O acesso ao s\u00edtio Web n\u00e3o implica qualquer ren\u00fancia, transmiss\u00e3o, licen\u00e7a ou cess\u00e3o de tais direitos por parte da 2WIB, salvo indica\u00e7\u00e3o expressa em contr\u00e1rio.<\/p>\n\n<p><strong>Condi\u00e7\u00f5es de utiliza\u00e7\u00e3o<\/strong><\/p>\n\n<p>O acesso a este s\u00edtio Web implica a aceita\u00e7\u00e3o sem reservas das presentes condi\u00e7\u00f5es de utiliza\u00e7\u00e3o, que regulam o acesso e a utiliza\u00e7\u00e3o deste s\u00edtio Web com o objetivo de fornecer aos utilizadores informa\u00e7\u00f5es sobre os nossos servi\u00e7os.<\/p>\n\n<p>A utiliza\u00e7\u00e3o dos conte\u00fados deste s\u00edtio Web para fins comerciais ou para a sua distribui\u00e7\u00e3o, transforma\u00e7\u00e3o ou comunica\u00e7\u00e3o \u00e9 expressamente proibida.<br\/>A 2WIB n\u00e3o se responsabiliza por qualquer consequ\u00eancia, dano ou preju\u00edzo que possa resultar de tal utiliza\u00e7\u00e3o ou uso da informa\u00e7\u00e3o.<\/p>\n\n<p>Tanto o acesso a este s\u00edtio Web como a utiliza\u00e7\u00e3o que possa ser feita das informa\u00e7\u00f5es nele contidas s\u00e3o da exclusiva responsabilidade do utilizador.<\/p>\n\n<p>O utilizador compromete-se a n\u00e3o utilizar as informa\u00e7\u00f5es publicadas neste s\u00edtio Web para fins ou efeitos il\u00edcitos ou prejudiciais, a n\u00e3o danificar ou inutilizar as informa\u00e7\u00f5es e a n\u00e3o realizar qualquer outra a\u00e7\u00e3o que possa ser contr\u00e1ria ao conte\u00fado do presente Aviso Legal.<\/p>\n\n<p>A 2WIB n\u00e3o pode garantir a inexist\u00eancia de interrup\u00e7\u00f5es ou erros no acesso a este s\u00edtio Web, embora envide todos os esfor\u00e7os para os evitar.<\/p>\n\n<p><strong>Hiperliga\u00e7\u00f5es para outros s\u00edtios Web<\/strong><\/p>\n\n<p>As hiperliga\u00e7\u00f5es (links) que se encontram neste s\u00edtio Web s\u00e3o um servi\u00e7o aos utilizadores. Estas p\u00e1ginas n\u00e3o s\u00e3o operadas nem controladas pela 2WIB, pelo que esta n\u00e3o se responsabiliza pelo seu conte\u00fado e n\u00e3o est\u00e3o abrangidas pelo presente Aviso Legal. Se aceder a estes s\u00edtios Web, tenha em aten\u00e7\u00e3o que as suas pol\u00edticas de privacidade podem ser diferentes das nossas.<\/p>\n\n<p><strong>Legisla\u00e7\u00e3o aplic\u00e1vel e compet\u00eancia jurisdicional<\/strong><\/p>\n\n<p>O presente Aviso Legal rege-se pela legisla\u00e7\u00e3o espanhola aplic\u00e1vel em vigor.<\/p>\n\n<p>Para a resolu\u00e7\u00e3o de quaisquer lit\u00edgios que possam surgir em consequ\u00eancia do disposto nas presentes disposi\u00e7\u00f5es e da sua interpreta\u00e7\u00e3o, aplica\u00e7\u00e3o e cumprimento, o utilizador, em virtude da aceita\u00e7\u00e3o das condi\u00e7\u00f5es contidas no presente Aviso Legal, renuncia expressamente a qualquer outro foro que lhe possa corresponder.<\/p>\n\n<p>Em qualquer caso, no \u00e2mbito da jurisdi\u00e7\u00e3o espanhola, se a legisla\u00e7\u00e3o permitir que o utilizador se submeta a um foro espec\u00edfico, o utilizador renuncia expressamente a qualquer outro foro que lhe possa corresponder e submete-se voluntariamente \u00e0 jurisdi\u00e7\u00e3o dos Tribunais de Barcelona.<\/p>\n","protected":false},"excerpt":{"rendered":"<p>POL\u00cdTICA DE PRIVACIDADE E AVISO LEGAL I. POL\u00cdTICA DE PRIVACIDADE Em conformidade com o REGULAMENTO (UE) 2016\/679 DO PARLAMENTO EUROPEU E DO CONSELHO, de 27 de abril de 2016, relativo \u00e0 prote\u00e7\u00e3o das pessoas singulares no que diz respeito ao tratamento de dados pessoais e \u00e0 livre circula\u00e7\u00e3o desses dados, e com a Lei Org\u00e2nica [&hellip;]<\/p>\n","protected":false},"author":1,"featured_media":0,"parent":0,"menu_order":0,"comment_status":"closed","ping_status":"closed","template":"","meta":{"_seopress_robots_primary_cat":"","_seopress_titles_title":"","_seopress_titles_desc":"","_seopress_robots_index":"","_uag_custom_page_level_css":"","site-sidebar-layout":"default","site-content-layout":"","ast-site-content-layout":"default","site-content-style":"default","site-sidebar-style":"default","ast-global-header-display":"","ast-banner-title-visibility":"","ast-main-header-display":"","ast-hfb-above-header-display":"","ast-hfb-below-header-display":"","ast-hfb-mobile-header-display":"","site-post-title":"","ast-breadcrumbs-content":"","ast-featured-img":"","footer-sml-layout":"","ast-disable-related-posts":"","theme-transparent-header-meta":"","adv-header-id-meta":"","stick-header-meta":"","header-above-stick-meta":"","header-main-stick-meta":"","header-below-stick-meta":"","astra-migrate-meta-layouts":"default","ast-page-background-enabled":"default","ast-page-background-meta":{"desktop":{"background-color":"var(--ast-global-color-4)","background-image":"","background-repeat":"repeat","background-position":"center center","background-size":"auto","background-attachment":"scroll","background-type":"","background-media":"","overlay-type":"","overlay-color":"","overlay-opacity":"","overlay-gradient":""},"tablet":{"background-color":"","background-image":"","background-repeat":"repeat","background-position":"center center","background-size":"auto","background-attachment":"scroll","background-type":"","background-media":"","overlay-type":"","overlay-color":"","overlay-opacity":"","overlay-gradient":""},"mobile":{"background-color":"","background-image":"","background-repeat":"repeat","background-position":"center center","background-size":"auto","background-attachment":"scroll","background-type":"","background-media":"","overlay-type":"","overlay-color":"","overlay-opacity":"","overlay-gradient":""}},"ast-content-background-meta":{"desktop":{"background-color":"var(--ast-global-color-5)","background-image":"","background-repeat":"repeat","background-position":"center center","background-size":"auto","background-attachment":"scroll","background-type":"","background-media":"","overlay-type":"","overlay-color":"","overlay-opacity":"","overlay-gradient":""},"tablet":{"background-color":"var(--ast-global-color-5)","background-image":"","background-repeat":"repeat","background-position":"center center","background-size":"auto","background-attachment":"scroll","background-type":"","background-media":"","overlay-type":"","overlay-color":"","overlay-opacity":"","overlay-gradient":""},"mobile":{"background-color":"var(--ast-global-color-5)","background-image":"","background-repeat":"repeat","background-position":"center center","background-size":"auto","background-attachment":"scroll","background-type":"","background-media":"","overlay-type":"","overlay-color":"","overlay-opacity":"","overlay-gradient":""}},"footnotes":""},"class_list":["post-667","page","type-page","status-publish","hentry"],"uagb_featured_image_src":{"full":false,"thumbnail":false,"medium":false,"medium_large":false,"large":false,"1536x1536":false,"2048x2048":false},"uagb_author_info":{"display_name":"david@kreamedia.com","author_link":"https:\/\/2wib.com\/pt-pt\/author\/davidkreamedia-com\/"},"uagb_comment_info":0,"uagb_excerpt":"POL\u00cdTICA DE PRIVACIDADE E AVISO LEGAL I. POL\u00cdTICA DE PRIVACIDADE Em conformidade com o REGULAMENTO (UE) 2016\/679 DO PARLAMENTO EUROPEU E DO CONSELHO, de 27 de abril de 2016, relativo \u00e0 prote\u00e7\u00e3o das pessoas singulares no que diz respeito ao tratamento de dados pessoais e \u00e0 livre circula\u00e7\u00e3o desses dados, e com a Lei Org\u00e2nica&hellip;","_links":{"self":[{"href":"https:\/\/2wib.com\/pt-pt\/wp-json\/wp\/v2\/pages\/667","targetHints":{"allow":["GET"]}}],"collection":[{"href":"https:\/\/2wib.com\/pt-pt\/wp-json\/wp\/v2\/pages"}],"about":[{"href":"https:\/\/2wib.com\/pt-pt\/wp-json\/wp\/v2\/types\/page"}],"author":[{"embeddable":true,"href":"https:\/\/2wib.com\/pt-pt\/wp-json\/wp\/v2\/users\/1"}],"replies":[{"embeddable":true,"href":"https:\/\/2wib.com\/pt-pt\/wp-json\/wp\/v2\/comments?post=667"}],"version-history":[{"count":5,"href":"https:\/\/2wib.com\/pt-pt\/wp-json\/wp\/v2\/pages\/667\/revisions"}],"predecessor-version":[{"id":726,"href":"https:\/\/2wib.com\/pt-pt\/wp-json\/wp\/v2\/pages\/667\/revisions\/726"}],"wp:attachment":[{"href":"https:\/\/2wib.com\/pt-pt\/wp-json\/wp\/v2\/media?parent=667"}],"curies":[{"name":"wp","href":"https:\/\/api.w.org\/{rel}","templated":true}]}}